{"id":475,"date":"2023-06-05T09:26:03","date_gmt":"2023-06-05T09:26:03","guid":{"rendered":"http:\/\/neilbartonmarbella.es?page_id=475"},"modified":"2023-06-08T08:00:36","modified_gmt":"2023-06-08T08:00:36","slug":"team","status":"publish","type":"page","link":"http:\/\/neilbartonmarbella.es\/en\/team\/","title":{"rendered":"Team"},"content":{"rendered":"<p>[et_pb_section fb_built=&#8221;1&#8243; _builder_version=&#8221;4.21.0&#8243; _module_preset=&#8221;default&#8221; global_colors_info=&#8221;{}&#8221;][et_pb_row _builder_version=&#8221;4.21.0&#8243; _module_preset=&#8221;default&#8221; custom_padding=&#8221;||50px|||&#8221; global_colors_info=&#8221;{}&#8221;][et_pb_column type=&#8221;4_4&#8243; _builder_version=&#8221;4.21.0&#8243; _module_preset=&#8221;default&#8221; global_colors_info=&#8221;{}&#8221;][et_pb_text _builder_version=&#8221;4.21.0&#8243; _module_preset=&#8221;default&#8221; global_colors_info=&#8221;{}&#8221;]<\/p>\n<h2 class=\"preFade fadeIn\" style=\"text-align: center;\">Our Team <\/h2>\n<p>[\/et_pb_text][\/et_pb_column][\/et_pb_row][et_pb_row column_structure=&#8221;1_2,1_2&#8243; _builder_version=&#8221;4.21.0&#8243; _module_preset=&#8221;default&#8221; custom_padding=&#8221;0px||0px|||&#8221; custom_css_main_element=&#8221;display:flex;||align-items:center;&#8221; global_colors_info=&#8221;{}&#8221; custom_css_main_element_last_edited=&#8221;on|tablet&#8221; custom_css_main_element_tablet=&#8221;display:flex;||flex-direction:column-reverse;&#8221; custom_css_main_element_phone=&#8221;display:flex;||flex-direction:column-reverse;&#8221;][et_pb_column type=&#8221;1_2&#8243; _builder_version=&#8221;4.21.0&#8243; _module_preset=&#8221;default&#8221; global_colors_info=&#8221;{}&#8221;][et_pb_text _builder_version=&#8221;4.21.0&#8243; _module_preset=&#8221;default&#8221; custom_margin=&#8221;8em||||false|false&#8221; custom_margin_tablet=&#8221;0em||||false|false&#8221; custom_margin_phone=&#8221;0em||||false|false&#8221; custom_margin_last_edited=&#8221;on|tablet&#8221; global_colors_info=&#8221;{}&#8221;]<\/p>\n<h2 class=\"preFade fadeIn\" style=\"text-align: center;\">Neil B.<\/h2>\n<p>&nbsp;<\/p>\n<p>Goldwell International Artist, Owner\/ Creative Director Neil Barton Hair Edinburgh + Marbella<\/p>\n<p>Neil has been a hairdresser for 25 years in the industry and has a passion for all things hair. He is also a multi award winner and international trainer.<\/p>\n<p>An expert in cutting and colouring. With his his unwavering attention, ensures you to have a relaxed and great experience in his new salon in Marbella<\/p>\n<p>[\/et_pb_text][\/et_pb_column][et_pb_column type=&#8221;1_2&#8243; _builder_version=&#8221;4.21.0&#8243; _module_preset=&#8221;default&#8221; global_colors_info=&#8221;{}&#8221;][et_pb_divider show_divider=&#8221;off&#8221; _builder_version=&#8221;4.21.0&#8243; _module_preset=&#8221;default&#8221; background_image=&#8221;http:\/\/neilbartonmarbella.es\/wp-content\/uploads\/2023\/05\/NeilBartonPortraitShot.jpg&#8221; background_position=&#8221;top_center&#8221; height=&#8221;87vh&#8221; height_tablet=&#8221;50vh&#8221; height_phone=&#8221;49vh&#8221; height_last_edited=&#8221;on|tablet&#8221; custom_margin_tablet=&#8221;||2em||false|false&#8221; custom_margin_phone=&#8221;||2em||false|false&#8221; custom_margin_last_edited=&#8221;on|phone&#8221; custom_padding_tablet=&#8221;||||false|false&#8221; custom_padding_phone=&#8221;||||false|false&#8221; custom_padding_last_edited=&#8221;on|tablet&#8221; global_colors_info=&#8221;{}&#8221;][\/et_pb_divider][\/et_pb_column][\/et_pb_row][et_pb_row column_structure=&#8221;1_2,1_2&#8243; _builder_version=&#8221;4.21.0&#8243; _module_preset=&#8221;default&#8221; custom_margin_tablet=&#8221;4em||||false|false&#8221; custom_margin_phone=&#8221;4em||||false|false&#8221; custom_margin_last_edited=&#8221;on|tablet&#8221; custom_padding=&#8221;0px||0px|||&#8221; custom_css_main_element=&#8221;display:flex;||align-items:center;&#8221; global_colors_info=&#8221;{}&#8221; custom_css_main_element_last_edited=&#8221;on|tablet&#8221; custom_css_main_element_tablet=&#8221;display:block;&#8221; custom_css_main_element_phone=&#8221;display:block;&#8221;][et_pb_column type=&#8221;1_2&#8243; _builder_version=&#8221;4.21.0&#8243; _module_preset=&#8221;default&#8221; global_colors_info=&#8221;{}&#8221;][et_pb_divider show_divider=&#8221;off&#8221; _builder_version=&#8221;4.21.0&#8243; _module_preset=&#8221;default&#8221; background_image=&#8221;http:\/\/neilbartonmarbella.es\/wp-content\/uploads\/2023\/05\/IMG_3857.jpg&#8221; background_position=&#8221;top_center&#8221; height=&#8221;87vh&#8221; height_tablet=&#8221;50vh&#8221; height_phone=&#8221;49vh&#8221; height_last_edited=&#8221;on|tablet&#8221; custom_margin_tablet=&#8221;||2em||false|false&#8221; custom_margin_phone=&#8221;||2em||false|false&#8221; custom_margin_last_edited=&#8221;on|phone&#8221; custom_padding_tablet=&#8221;||||false|false&#8221; custom_padding_phone=&#8221;||||false|false&#8221; custom_padding_last_edited=&#8221;on|tablet&#8221; global_colors_info=&#8221;{}&#8221;][\/et_pb_divider][\/et_pb_column][et_pb_column type=&#8221;1_2&#8243; _builder_version=&#8221;4.21.0&#8243; _module_preset=&#8221;default&#8221; global_colors_info=&#8221;{}&#8221;][et_pb_text _builder_version=&#8221;4.21.0&#8243; _module_preset=&#8221;default&#8221; global_colors_info=&#8221;{}&#8221; custom_padding=&#8221;|||10px||&#8221;]<\/p>\n<h3 class=\"preFade fadeIn\" style=\"text-align: center;\">Andreia S.<\/h3>\n<p>&nbsp;<\/p>\n<p>Stylist + Colorist<\/p>\n<p>With more than 25 years in the industry, working as a stylist, colorist and educator for a global colour brand.<\/p>\n<p>An expert in all things colour, the latest treatments and using the most up to date techniques.<\/p>\n<p>If you are looking for balayage, highlights or a new colour and cut, Andreia is committed to offering clients the right advice and most flattering looks to suit you.<\/p>\n<p>[\/et_pb_text][\/et_pb_column][\/et_pb_row][\/et_pb_section]<\/p>\n","protected":false},"excerpt":{"rendered":"<p>Our Team Neil B. &nbsp; Goldwell International Artist, Owner\/ Creative Director Neil Barton Hair Edinburgh + Marbella Neil has been a hairdresser for 25 years in the industry and has a passion for all things hair. He is also a multi award winner and international trainer. An expert in cutting and colouring. With his his [&hellip;]<\/p>\n","protected":false},"author":4,"featured_media":426,"parent":0,"menu_order":0,"comment_status":"closed","ping_status":"closed","template":"","meta":{"_et_pb_use_builder":"on","_et_pb_old_content":"[et_pb_section fb_built=\"1\" theme_builder_area=\"post_content\" _builder_version=\"4.21.0\" _module_preset=\"default\"][et_pb_row _builder_version=\"4.21.0\" _module_preset=\"default\" theme_builder_area=\"post_content\" custom_padding=\"||50px|||\"][et_pb_column _builder_version=\"4.21.0\" _module_preset=\"default\" type=\"4_4\" theme_builder_area=\"post_content\"][et_pb_text _builder_version=\"4.21.0\" _module_preset=\"default\" theme_builder_area=\"post_content\" hover_enabled=\"0\" sticky_enabled=\"0\"]\n<h2 class=\"preFade fadeIn\" style=\"text-align: center;\">Nuestro equipo<\/h2>\n[\/et_pb_text][\/et_pb_column][\/et_pb_row][et_pb_row _builder_version=\"4.21.0\" _module_preset=\"default\" theme_builder_area=\"post_content\" column_structure=\"1_2,1_2\" custom_css_main_element_last_edited=\"on|tablet\" custom_css_main_element=\"display:flex;||align-items:center;\" hover_enabled=\"0\" sticky_enabled=\"0\" custom_css_main_element_tablet=\"display:flex;||flex-direction:column-reverse;\" custom_padding=\"0px||0px|||\" custom_css_main_element_phone=\"display:flex;||flex-direction:column-reverse;\"][et_pb_column _builder_version=\"4.21.0\" _module_preset=\"default\" type=\"1_2\" theme_builder_area=\"post_content\"][et_pb_text _builder_version=\"4.21.0\" _module_preset=\"default\" theme_builder_area=\"post_content\" hover_enabled=\"0\" sticky_enabled=\"0\" custom_margin_last_edited=\"on|tablet\" custom_margin=\"8em||||false|false\" custom_margin_tablet=\"0em||||false|false\" custom_margin_phone=\"0em||||false|false\"]\n<h2 class=\"preFade fadeIn\" style=\"text-align: center;\">Neil B.<\/h2>\n&nbsp;\n<p class=\"sqsrte-large preFade fadeIn\">Goldwell International Artist, Owner\/ Creative Director Neil Barton Hair Edinburgh + Marbella<\/p>\n<p class=\"sqsrte-large preFade fadeIn\">Con m\u00e1s de 25 a\u00f1os de experiencia en la industria, Neil ha demostrado ser un apasionado de todo lo relacionado con el cabello.<\/p>\n<p class=\"sqsrte-large preFade fadeIn\">Ha ganado m\u00faltiples premios siendo embajador y educador internacional.<\/p>\n<p class=\"sqsrte-large preFade fadeIn\">Experto en corte y color , con gran atenci\u00f3n por el detalle, Neil te asegura una experiencia \u00fanica en su nuevo sal\u00f3n en Marbella.<\/p>\n[\/et_pb_text][\/et_pb_column][et_pb_column _builder_version=\"4.21.0\" _module_preset=\"default\" type=\"1_2\" theme_builder_area=\"post_content\"][et_pb_divider _builder_version=\"4.21.0\" _module_preset=\"default\" theme_builder_area=\"post_content\" show_divider=\"off\" height=\"87vh\" title_text=\"Neil+Barton+Portrait+Shot\" background_image=\"http:\/\/neilbartonmarbella.es\/wp-content\/uploads\/2023\/05\/NeilBartonPortraitShot.jpg\" background_position=\"top_center\" hover_enabled=\"0\" sticky_enabled=\"0\" height_last_edited=\"on|tablet\" height_tablet=\"50vh\" height_phone=\"49vh\" custom_padding_last_edited=\"on|tablet\" custom_padding_tablet=\"||||false|false\" custom_margin_last_edited=\"on|phone\" custom_margin_tablet=\"||2em||false|false\" custom_padding_phone=\"||||false|false\" custom_margin_phone=\"||2em||false|false\"][\/et_pb_divider][\/et_pb_column][\/et_pb_row][et_pb_row _builder_version=\"4.21.0\" _module_preset=\"default\" theme_builder_area=\"post_content\" column_structure=\"1_2,1_2\" custom_css_main_element_last_edited=\"on|tablet\" custom_css_main_element=\"display:flex;||align-items:center;\" hover_enabled=\"0\" sticky_enabled=\"0\" custom_css_main_element_tablet=\"display:block;\" custom_padding=\"0px||0px|||\" custom_margin_last_edited=\"on|tablet\" custom_margin_tablet=\"4em||||false|false\" custom_css_main_element_phone=\"display:block;\" custom_margin_phone=\"4em||||false|false\"][et_pb_column _builder_version=\"4.21.0\" _module_preset=\"default\" type=\"1_2\" theme_builder_area=\"post_content\"][et_pb_divider _builder_version=\"4.21.0\" _module_preset=\"default\" theme_builder_area=\"post_content\" show_divider=\"off\" height=\"87vh\" title_text=\"IMG_3857\" background_image=\"http:\/\/neilbartonmarbella.es\/wp-content\/uploads\/2023\/05\/IMG_3857.jpg\" background_position=\"top_center\" hover_enabled=\"0\" sticky_enabled=\"0\" height_last_edited=\"on|tablet\" height_tablet=\"50vh\" height_phone=\"49vh\" custom_padding_last_edited=\"on|tablet\" custom_padding_tablet=\"||||false|false\" custom_margin_last_edited=\"on|phone\" custom_margin_tablet=\"||2em||false|false\" custom_padding_phone=\"||||false|false\" custom_margin_phone=\"||2em||false|false\"][\/et_pb_divider][\/et_pb_column][et_pb_column _builder_version=\"4.21.0\" _module_preset=\"default\" type=\"1_2\" theme_builder_area=\"post_content\"][et_pb_text _builder_version=\"4.21.0\" _module_preset=\"default\" theme_builder_area=\"post_content\"]\n<h3 class=\"preFade fadeIn\" style=\"text-align: center;\">Andreia S.<\/h3>\n&nbsp;\n<p class=\"sqsrte-large preFade fadeIn\"><em>Stylist + Colorist<\/em><\/p>\n<p class=\"sqsrte-large preFade fadeIn\">Andreia tiene una vasta experiencia trabajando como estilista, colorista y educadora para Goldwell.<\/p>\n<p class=\"sqsrte-large preFade fadeIn\">Una experta en color, los \u00faltimos tratamientos y el uso de las t\u00e9cnicas m\u00e1s avanzadas.<\/p>\n<p class=\"sqsrte-large preFade fadeIn\">Si buscas balayage, mechas o un nuevo corte y color, Andreia se compromete a ofrecer a sus clientes el asesoramiento mas adecuado.<\/p>\n[\/et_pb_text][\/et_pb_column][\/et_pb_row][\/et_pb_section]","_et_gb_content_width":"","_monsterinsights_skip_tracking":false,"_monsterinsights_sitenote_active":false,"_monsterinsights_sitenote_note":"","_monsterinsights_sitenote_category":0,"footnotes":""},"class_list":["post-475","page","type-page","status-publish","has-post-thumbnail","hentry"],"yoast_head":"<!-- This site is optimized with the Yoast SEO plugin v26.9 - https:\/\/yoast.com\/product\/yoast-seo-wordpress\/ -->\n<title>Team - Neil Barton Marbella | Premium Hair Salon in Marbella<\/title>\n<meta name=\"robots\" content=\"index, follow, max-snippet:-1, max-image-preview:large, max-video-preview:-1\" \/>\n<link rel=\"canonical\" href=\"https:\/\/neilbartonmarbella.es\/en\/team\/\" \/>\n<meta property=\"og:locale\" content=\"en_US\" \/>\n<meta property=\"og:type\" content=\"article\" \/>\n<meta property=\"og:title\" content=\"Team - Neil Barton Marbella | Premium Hair Salon in Marbella\" \/>\n<meta property=\"og:description\" content=\"Our Team Neil B. &nbsp; Goldwell International Artist, Owner\/ Creative Director Neil Barton Hair Edinburgh + Marbella Neil has been a hairdresser for 25 years in the industry and has a passion for all things hair. He is also a multi award winner and international trainer. An expert in cutting and colouring. With his his [&hellip;]\" \/>\n<meta property=\"og:url\" content=\"https:\/\/neilbartonmarbella.es\/en\/team\/\" \/>\n<meta property=\"og:site_name\" content=\"Neil Barton Marbella | Premium Hair Salon in Marbella\" \/>\n<meta property=\"article:modified_time\" content=\"2023-06-08T08:00:36+00:00\" \/>\n<meta property=\"og:image\" content=\"https:\/\/neilbartonmarbella.es\/wp-content\/uploads\/2023\/05\/NeilBartonPortraitShot.jpg\" \/>\n\t<meta property=\"og:image:width\" content=\"1111\" \/>\n\t<meta property=\"og:image:height\" content=\"1481\" \/>\n\t<meta property=\"og:image:type\" content=\"image\/jpeg\" \/>\n<meta name=\"twitter:card\" content=\"summary_large_image\" \/>\n<meta name=\"twitter:label1\" content=\"Est. reading time\" \/>\n\t<meta name=\"twitter:data1\" content=\"3 minutes\" \/>\n<script type=\"application\/ld+json\" class=\"yoast-schema-graph\">{\"@context\":\"https:\/\/schema.org\",\"@graph\":[{\"@type\":\"WebPage\",\"@id\":\"https:\/\/neilbartonmarbella.es\/en\/team\/\",\"url\":\"https:\/\/neilbartonmarbella.es\/en\/team\/\",\"name\":\"Team - Neil Barton Marbella | Premium Hair Salon in Marbella\",\"isPartOf\":{\"@id\":\"https:\/\/neilbartonmarbella.es\/#website\"},\"primaryImageOfPage\":{\"@id\":\"https:\/\/neilbartonmarbella.es\/en\/team\/#primaryimage\"},\"image\":{\"@id\":\"https:\/\/neilbartonmarbella.es\/en\/team\/#primaryimage\"},\"thumbnailUrl\":\"http:\/\/neilbartonmarbella.es\/wp-content\/uploads\/2023\/05\/NeilBartonPortraitShot.jpg\",\"datePublished\":\"2023-06-05T09:26:03+00:00\",\"dateModified\":\"2023-06-08T08:00:36+00:00\",\"breadcrumb\":{\"@id\":\"https:\/\/neilbartonmarbella.es\/en\/team\/#breadcrumb\"},\"inLanguage\":\"en-US\",\"potentialAction\":[{\"@type\":\"ReadAction\",\"target\":[\"https:\/\/neilbartonmarbella.es\/en\/team\/\"]}]},{\"@type\":\"ImageObject\",\"inLanguage\":\"en-US\",\"@id\":\"https:\/\/neilbartonmarbella.es\/en\/team\/#primaryimage\",\"url\":\"http:\/\/neilbartonmarbella.es\/wp-content\/uploads\/2023\/05\/NeilBartonPortraitShot.jpg\",\"contentUrl\":\"http:\/\/neilbartonmarbella.es\/wp-content\/uploads\/2023\/05\/NeilBartonPortraitShot.jpg\",\"width\":1111,\"height\":1481,\"caption\":\"Equipo de Neil Barton Marbella\"},{\"@type\":\"BreadcrumbList\",\"@id\":\"https:\/\/neilbartonmarbella.es\/en\/team\/#breadcrumb\",\"itemListElement\":[{\"@type\":\"ListItem\",\"position\":1,\"name\":\"Home\",\"item\":\"https:\/\/neilbartonmarbella.es\/\"},{\"@type\":\"ListItem\",\"position\":2,\"name\":\"Team\"}]},{\"@type\":\"WebSite\",\"@id\":\"https:\/\/neilbartonmarbella.es\/#website\",\"url\":\"https:\/\/neilbartonmarbella.es\/\",\"name\":\"Neil Barton\",\"description\":\"A professional hair salon in Marbella offering personalised cuts, colour and styling with an exclusive, high-quality approach.\",\"alternateName\":\"neilbartonmarbella.es\",\"potentialAction\":[{\"@type\":\"SearchAction\",\"target\":{\"@type\":\"EntryPoint\",\"urlTemplate\":\"https:\/\/neilbartonmarbella.es\/?s={search_term_string}\"},\"query-input\":{\"@type\":\"PropertyValueSpecification\",\"valueRequired\":true,\"valueName\":\"search_term_string\"}}],\"inLanguage\":\"en-US\"}]}<\/script>\n<!-- \/ Yoast SEO plugin. -->","yoast_head_json":{"title":"Team - Neil Barton Marbella | Premium Hair Salon in Marbella","robots":{"index":"index","follow":"follow","max-snippet":"max-snippet:-1","max-image-preview":"max-image-preview:large","max-video-preview":"max-video-preview:-1"},"canonical":"https:\/\/neilbartonmarbella.es\/en\/team\/","og_locale":"en_US","og_type":"article","og_title":"Team - Neil Barton Marbella | Premium Hair Salon in Marbella","og_description":"Our Team Neil B. &nbsp; Goldwell International Artist, Owner\/ Creative Director Neil Barton Hair Edinburgh + Marbella Neil has been a hairdresser for 25 years in the industry and has a passion for all things hair. He is also a multi award winner and international trainer. An expert in cutting and colouring. With his his [&hellip;]","og_url":"https:\/\/neilbartonmarbella.es\/en\/team\/","og_site_name":"Neil Barton Marbella | Premium Hair Salon in Marbella","article_modified_time":"2023-06-08T08:00:36+00:00","og_image":[{"width":1111,"height":1481,"url":"https:\/\/neilbartonmarbella.es\/wp-content\/uploads\/2023\/05\/NeilBartonPortraitShot.jpg","type":"image\/jpeg"}],"twitter_card":"summary_large_image","twitter_misc":{"Est. reading time":"3 minutes"},"schema":{"@context":"https:\/\/schema.org","@graph":[{"@type":"WebPage","@id":"https:\/\/neilbartonmarbella.es\/en\/team\/","url":"https:\/\/neilbartonmarbella.es\/en\/team\/","name":"Team - Neil Barton Marbella | Premium Hair Salon in Marbella","isPartOf":{"@id":"https:\/\/neilbartonmarbella.es\/#website"},"primaryImageOfPage":{"@id":"https:\/\/neilbartonmarbella.es\/en\/team\/#primaryimage"},"image":{"@id":"https:\/\/neilbartonmarbella.es\/en\/team\/#primaryimage"},"thumbnailUrl":"http:\/\/neilbartonmarbella.es\/wp-content\/uploads\/2023\/05\/NeilBartonPortraitShot.jpg","datePublished":"2023-06-05T09:26:03+00:00","dateModified":"2023-06-08T08:00:36+00:00","breadcrumb":{"@id":"https:\/\/neilbartonmarbella.es\/en\/team\/#breadcrumb"},"inLanguage":"en-US","potentialAction":[{"@type":"ReadAction","target":["https:\/\/neilbartonmarbella.es\/en\/team\/"]}]},{"@type":"ImageObject","inLanguage":"en-US","@id":"https:\/\/neilbartonmarbella.es\/en\/team\/#primaryimage","url":"http:\/\/neilbartonmarbella.es\/wp-content\/uploads\/2023\/05\/NeilBartonPortraitShot.jpg","contentUrl":"http:\/\/neilbartonmarbella.es\/wp-content\/uploads\/2023\/05\/NeilBartonPortraitShot.jpg","width":1111,"height":1481,"caption":"Equipo de Neil Barton Marbella"},{"@type":"BreadcrumbList","@id":"https:\/\/neilbartonmarbella.es\/en\/team\/#breadcrumb","itemListElement":[{"@type":"ListItem","position":1,"name":"Home","item":"https:\/\/neilbartonmarbella.es\/"},{"@type":"ListItem","position":2,"name":"Team"}]},{"@type":"WebSite","@id":"https:\/\/neilbartonmarbella.es\/#website","url":"https:\/\/neilbartonmarbella.es\/","name":"Neil Barton","description":"A professional hair salon in Marbella offering personalised cuts, colour and styling with an exclusive, high-quality approach.","alternateName":"neilbartonmarbella.es","potentialAction":[{"@type":"SearchAction","target":{"@type":"EntryPoint","urlTemplate":"https:\/\/neilbartonmarbella.es\/?s={search_term_string}"},"query-input":{"@type":"PropertyValueSpecification","valueRequired":true,"valueName":"search_term_string"}}],"inLanguage":"en-US"}]}},"_links":{"self":[{"href":"http:\/\/neilbartonmarbella.es\/en\/wp-json\/wp\/v2\/pages\/475","targetHints":{"allow":["GET"]}}],"collection":[{"href":"http:\/\/neilbartonmarbella.es\/en\/wp-json\/wp\/v2\/pages"}],"about":[{"href":"http:\/\/neilbartonmarbella.es\/en\/wp-json\/wp\/v2\/types\/page"}],"author":[{"embeddable":true,"href":"http:\/\/neilbartonmarbella.es\/en\/wp-json\/wp\/v2\/users\/4"}],"replies":[{"embeddable":true,"href":"http:\/\/neilbartonmarbella.es\/en\/wp-json\/wp\/v2\/comments?post=475"}],"version-history":[{"count":5,"href":"http:\/\/neilbartonmarbella.es\/en\/wp-json\/wp\/v2\/pages\/475\/revisions"}],"predecessor-version":[{"id":481,"href":"http:\/\/neilbartonmarbella.es\/en\/wp-json\/wp\/v2\/pages\/475\/revisions\/481"}],"wp:featuredmedia":[{"embeddable":true,"href":"http:\/\/neilbartonmarbella.es\/en\/wp-json\/wp\/v2\/media\/426"}],"wp:attachment":[{"href":"http:\/\/neilbartonmarbella.es\/en\/wp-json\/wp\/v2\/media?parent=475"}],"curies":[{"name":"wp","href":"https:\/\/api.w.org\/{rel}","templated":true}]}}